{"id":29,"date":"2017-01-29T17:47:53","date_gmt":"2017-01-29T16:47:53","guid":{"rendered":"http:\/\/sws-forsche.de\/sws2016\/?page_id=29"},"modified":"2025-11-11T00:00:28","modified_gmt":"2025-11-10T23:00:28","slug":"firmenphilosophie-de","status":"publish","type":"page","link":"https:\/\/sws-forsche.de\/sws\/firmenphilosophie-de\/","title":{"rendered":"Firmen Philosophie"},"content":{"rendered":"\n<div class=\"wp-block-uagb-container uagb-block-af742380 default uagb-is-root-container\">\n<div class=\"wp-block-uagb-container uagb-block-ce50177e\">\n<h3 class=\"wp-block-heading has-text-align-center\">\ud83c\udf0d Innovatives Familienunternehmen mit globaler PerspektivE<\/h3>\n\n\n\n<p class=\"has-text-align-center has-ast-global-color-1-background-color has-background has-medium-font-size\">Unsere Handelsfirma f\u00fcr Export und Import ist ein modernes Familienunternehmen mit langj\u00e4hriger Erfahrung und Innovationskraft<\/p>\n\n\n\n<p class=\"has-text-align-center has-background has-medium-font-size\" style=\"background-color:#0c3675\">Wir sind spezialisiert auf den Vertrieb hochwertiger Industrieprodukte \u2013 insbesondere Ausr\u00fcstungen f\u00fcr die Metall- und Bauindustrie sowie f\u00fcr die Klima- und Energietechnik<\/p>\n\n\n\n<p class=\"has-text-align-center has-background has-medium-font-size\" style=\"background-color:#293b47\">Mit einem starken Netzwerk, technischer Expertise und einem klaren Fokus auf Qualit\u00e4t und Effizienz unterst\u00fctzen wir unsere Kunden weltweit dabei, ihre Projekte erfolgreich umzusetzen<\/p>\n<\/div>\n\n\n\n<div class=\"wp-block-uagb-container uagb-block-6b0a5d2a\">\n<div class=\"wp-block-uagb-info-box uagb-block-65aeb817 uagb-infobox__content-wrap  uagb-infobox-icon-above-title uagb-infobox-image-valign-top\"><div class=\"uagb-ifb-content\"><div class=\"uagb-ifb-icon-wrap\"><svg xmlns=\"https:\/\/www.w3.org\/2000\/svg\" viewBox=\"0 0 640 512\"><path d=\"M0 383.9l64 .0404c17.75 0 32-14.29 32-32.03V128.3L0 128.3V383.9zM48 320.1c8.75 0 16 7.118 16 15.99c0 8.742-7.25 15.99-16 15.99S32 344.8 32 336.1C32 327.2 39.25 320.1 48 320.1zM348.8 64c-7.941 0-15.66 2.969-21.52 8.328L228.9 162.3C228.8 162.5 228.8 162.7 228.6 162.7C212 178.3 212.3 203.2 226.5 218.7c12.75 13.1 39.38 17.62 56.13 2.75C282.8 221.3 282.9 221.3 283 221.2l79.88-73.1c6.5-5.871 16.75-5.496 22.62 1c6 6.496 5.5 16.62-1 22.62l-26.12 23.87L504 313.7c2.875 2.496 5.5 4.996 7.875 7.742V127.1c-40.98-40.96-96.48-63.88-154.4-63.88L348.8 64zM334.6 217.4l-30 27.49c-29.75 27.11-75.25 24.49-101.8-4.371C176 211.2 178.1 165.7 207.3 138.9L289.1 64H282.5C224.7 64 169.1 87.08 128.2 127.9L128 351.8l18.25 .0369l90.5 81.82c27.5 22.37 67.75 18.12 90-9.246l18.12 15.24c15.88 12.1 39.38 10.5 52.38-5.371l31.38-38.6l5.374 4.498c13.75 11 33.88 9.002 45-4.748l9.538-11.78c11.12-13.75 9.036-33.78-4.694-44.93L334.6 217.4zM544 128.4v223.6c0 17.62 14.25 32.05 31.1 32.05L640 384V128.1L544 128.4zM592 352c-8.75 0-16-7.246-16-15.99c0-8.875 7.25-15.99 16-15.99S608 327.2 608 336.1C608 344.8 600.8 352 592 352z\"><\/path><\/svg><\/div><div class=\"uagb-ifb-title-wrap\"><h4 class=\"uagb-ifb-title-prefix\"><strong><mark style=\"background-color:rgba(0, 0, 0, 0);color:#0e3d83\" class=\"has-inline-color\"><strong>Ihr zuverl\u00e4ssiger Partner \u2013 SWS Forsche OHG Berlin, seit 2007<\/strong><\/mark><\/strong><\/h4><h3 class=\"uagb-ifb-title\">Ein hochmotiviertes Team mit innovativen Ideen und einem starken Fokus auf Qualit\u00e4t und Fortschritt<\/h3><\/div><div class=\"uagb-ifb-separator\"><\/div><p class=\"uagb-ifb-desc\">Wir sch\u00f6pfen unsere Energie aus der Vielseitigkeit unserer T\u00e4tigkeiten in unterschiedlichen Bereichen von Industrie und Wirtschaft. Das Entwicklungspotenzial \u2013 sowohl in Wachstumsphasen als auch in herausfordernden Zeiten \u2013 in eng verzahnten Branchen wie Metallbearbeitung, Bauindustrie und Energieversorgung inspiriert uns t\u00e4glich zu neuen, innovativen Ideen<\/p><\/div><\/div>\n\n\n\n<div class=\"wp-block-uagb-info-box uagb-block-4bb316ed uagb-infobox__content-wrap  uagb-infobox-icon-above-title uagb-infobox-image-valign-top\"><div class=\"uagb-ifb-content\"><div class=\"uagb-ifb-icon-wrap\"><svg xmlns=\"https:\/\/www.w3.org\/2000\/svg\" viewBox=\"0 0 576 512\"><path d=\"M128 32C145.7 32 160 46.33 160 64V215.4L316.6 131C332.6 122.4 352 134 352 152.2V215.4L508.6 131C524.6 122.4 544 134 544 152.2V432C544 458.5 522.5 480 496 480H80C53.49 480 32 458.5 32 432V64C32 46.33 46.33 32 64 32H128z\"><\/path><\/svg><\/div><div class=\"uagb-ifb-title-wrap\"><h4 class=\"uagb-ifb-title-prefix\">Gemeinsam Zukunft gestalten<\/h4><h3 class=\"uagb-ifb-title\">Wir lieben, was wir tun<\/h3><\/div><div class=\"uagb-ifb-separator\"><\/div><p class=\"uagb-ifb-desc\">Mit Leidenschaft, Vertrauen, Innovation und einem offenen Blick f\u00fcr Herausforderungen entwickeln wir kontinuierlich innovative L\u00f6sungen, um neue Gesch\u00e4ftsm\u00f6glichkeiten zu erschlie\u00dfen und gemeinsame Projekte effizient sowie hochwertig umzusetzen<br>Mit  einem starken Innovationsgeist begleiten wir unsere Kunden zuverl\u00e4ssig auf dem Weg zu Ihren Zielen \u2013 schnell, wirkungsvoll und zukunftsorientiert<\/p><\/div><\/div>\n<\/div>\n\n\n\n<h3 class=\"wp-block-heading has-text-align-center has-background has-medium-font-size\" style=\"background-color:#c3c5e0\">\ud83c\udf10 Spezialisiert auf internationalen Handel mit Industrieprodukte<\/h3>\n\n\n\n<h3 class=\"wp-block-heading has-text-align-center has-ast-global-color-5-background-color has-background has-medium-font-size\">Wir sind H\u00e4ndler mit Visionen, die \u00fcber das Allt\u00e4gliche hinausgehen und sich der gemeinsamen Verantwortung f\u00fcr eine bessere Zukunft verschreiben<\/h3>\n\n\n\n<p class=\"has-text-align-center has-ast-global-color-6-background-color has-background has-medium-font-size\">Obwohl unser Hauptbereich die Arbeit mit verschiedenen Komponenten und Zubeh\u00f6r f\u00fcr die Metall- und Baubearbeitung umfasst, beschr\u00e4nken wir uns nicht auf das, was wir bereits erreicht haben. Vielmehr sind wir st\u00e4ndig damit besch\u00e4ftigt, neue Ideen und Interessen zu entwickeln und umzusetzen<\/p>\n\n\n\n<div class=\"wp-block-uagb-info-box uagb-block-0a9ff199 uagb-infobox__content-wrap  uagb-infobox-icon-above-title uagb-infobox-image-valign-top wp-block-uagb-info-box--has-margin\"><div class=\"uagb-infobox-margin-wrapper\"><div class=\"uagb-ifb-content\"><div class=\"uagb-ifb-icon-wrap\"><svg xmlns=\"https:\/\/www.w3.org\/2000\/svg\" viewBox=\"0 0 512 512\"><path d=\"M0 256C0 114.6 114.6 0 256 0C397.4 0 512 114.6 512 256C512 397.4 397.4 512 256 512C114.6 512 0 397.4 0 256zM371.8 211.8C382.7 200.9 382.7 183.1 371.8 172.2C360.9 161.3 343.1 161.3 332.2 172.2L224 280.4L179.8 236.2C168.9 225.3 151.1 225.3 140.2 236.2C129.3 247.1 129.3 264.9 140.2 275.8L204.2 339.8C215.1 350.7 232.9 350.7 243.8 339.8L371.8 211.8z\"><\/path><\/svg><\/div><div class=\"uagb-ifb-title-wrap\"><h6 class=\"uagb-ifb-title\">Die Grundlage unseres Unternehmens<\/h6><\/div><p class=\"uagb-ifb-desc\">Loyalit\u00e4t, Flexibilit\u00e4t, Individualit\u00e4t und Kreativit\u00e4t pr\u00e4gen unsere Gesch\u00e4ftsbeziehungen und sind die Kernwerte unseres Unternehmens. Unsere Arbeit ist unsere Leidenschaft, die nicht nur aus materiellen Quellen stammt, sondern auch aus dem geistigen Zusammenspiel von \u201aSein \u2013 Denken \u2013 Werden\u2018<\/p><\/div><\/div><\/div>\n\n\n\n<div class=\"wp-block-uagb-info-box uagb-block-a50dcc77 uagb-infobox__content-wrap  uagb-infobox-icon-above-title uagb-infobox-image-valign-top\"><div class=\"uagb-ifb-content\"><div class=\"uagb-ifb-icon-wrap\"><svg xmlns=\"https:\/\/www.w3.org\/2000\/svg\" viewBox=\"0 0 512 512\"><path d=\"M0 256C0 114.6 114.6 0 256 0C397.4 0 512 114.6 512 256C512 397.4 397.4 512 256 512C114.6 512 0 397.4 0 256zM371.8 211.8C382.7 200.9 382.7 183.1 371.8 172.2C360.9 161.3 343.1 161.3 332.2 172.2L224 280.4L179.8 236.2C168.9 225.3 151.1 225.3 140.2 236.2C129.3 247.1 129.3 264.9 140.2 275.8L204.2 339.8C215.1 350.7 232.9 350.7 243.8 339.8L371.8 211.8z\"><\/path><\/svg><\/div><div class=\"uagb-ifb-title-wrap\"><h6 class=\"uagb-ifb-title\">Krisenbew\u00e4ltigung durch Innovation und Fortschritt<\/h6><\/div><p class=\"uagb-ifb-desc\">Angesichts der derzeitigen globalen wirtschaftlichen und politischen Krise, insbesondere der Spannungen zwischen Ost und West, die sich in gewissem Ma\u00dfe auch auf unser Gesch\u00e4ft auswirken, verfolgen wir einen wirtschaftlich fundierten Ansatz, um kritisch \u00fcber Herausforderungen nachzudenken und positive L\u00f6sungen zu finden. Dadurch entwickeln wir uns kontinuierlich weiter und inspirieren uns selbst und andere zu neuen Gesch\u00e4ftsideen<\/p><\/div><\/div>\n\n\n\n<div class=\"wp-block-uagb-info-box uagb-block-42fd1048 uagb-infobox__content-wrap  uagb-infobox-icon-above-title uagb-infobox-image-valign-top\"><div class=\"uagb-ifb-content\"><div class=\"uagb-ifb-icon-wrap\"><svg xmlns=\"https:\/\/www.w3.org\/2000\/svg\" viewBox=\"0 0 512 512\"><path d=\"M0 256C0 114.6 114.6 0 256 0C397.4 0 512 114.6 512 256C512 397.4 397.4 512 256 512C114.6 512 0 397.4 0 256zM371.8 211.8C382.7 200.9 382.7 183.1 371.8 172.2C360.9 161.3 343.1 161.3 332.2 172.2L224 280.4L179.8 236.2C168.9 225.3 151.1 225.3 140.2 236.2C129.3 247.1 129.3 264.9 140.2 275.8L204.2 339.8C215.1 350.7 232.9 350.7 243.8 339.8L371.8 211.8z\"><\/path><\/svg><\/div><div class=\"uagb-ifb-title-wrap\"><h6 class=\"uagb-ifb-title\">Vision einer nachhaltigen Zukunft<\/h6><\/div><p class=\"uagb-ifb-desc\">Wir glauben an und orientieren uns an einer besseren Zukunft im h\u00f6chsten Sinne der geistigen und materiellen Entwicklung der Menschheit. Dies gilt selbstverst\u00e4ndlich auch f\u00fcr Bereiche wie Politik, Wirtschaft, Gesundheit, Bildung, Kultur und Finanzen, die im Einklang mit den h\u00f6chsten Lebenspriorit\u00e4ten der Menschen verbessert werden m\u00fcssen<\/p><\/div><\/div>\n<\/div>\n\n\n\n<p><\/p>\n","protected":false},"excerpt":{"rendered":"<p>\ud83c\udf0d Innovatives Familienunternehmen mit globaler PerspektivE Unsere Handelsfirma f\u00fcr Export und Import ist ein modernes Familienunternehmen mit langj\u00e4hriger Erfahrung und Innovationskraft Wir sind spezialisiert auf den Vertrieb hochwertiger Industrieprodukte \u2013 insbesondere Ausr\u00fcstungen f\u00fcr die Metall- und Bauindustrie sowie f\u00fcr die Klima- und Energietechnik Mit einem starken Netzwerk, technischer Expertise und einem klaren Fokus auf Qualit\u00e4t [&hellip;]<\/p>\n","protected":false},"author":3,"featured_media":0,"parent":0,"menu_order":0,"comment_status":"closed","ping_status":"closed","template":"","meta":{"_uag_custom_page_level_css":"","site-sidebar-layout":"no-sidebar","site-content-layout":"Z\u00f6gern Sie nicht, uns zu kontaktieren \u2013 wir stehen Ihnen jederzeit gerne zur Verf\u00fcgung, um Ihre Fragen zu beantworten und gemeinsam die besten L\u00f6sungen f\u00fcr Ihr Projekt zu finden. Lassen Sie uns gemeinsam an Ihrem Erfolg arbeiten! Vereinbaren Sie einen Termin f\u00fcr ein Telefonat, um Ihre Vorstellungen und Bed\u00fcrfnisse in Ruhe und ohne Zeitdruck zu besprechen","ast-site-content-layout":"normal-width-container","site-content-style":"boxed","site-sidebar-style":"boxed","ast-global-header-display":"","ast-banner-title-visibility":"","ast-main-header-display":"","ast-hfb-above-header-display":"","ast-hfb-below-header-display":"","ast-hfb-mobile-header-display":"","site-post-title":"disabled","ast-breadcrumbs-content":"","ast-featured-img":"","footer-sml-layout":"","theme-transparent-header-meta":"","adv-header-id-meta":"9728","stick-header-meta":"","header-above-stick-meta":"","header-main-stick-meta":"","header-below-stick-meta":"","astra-migrate-meta-layouts":"set","ast-page-background-enabled":"default","ast-page-background-meta":{"desktop":{"background-color":"var(--ast-global-color-4)","background-image":"","background-repeat":"repeat","background-position":"center center","background-size":"auto","background-attachment":"scroll","background-type":"","background-media":"","overlay-type":"","overlay-color":"","overlay-opacity":"","overlay-gradient":""},"tablet":{"background-color":"","background-image":"","background-repeat":"repeat","background-position":"center center","background-size":"auto","background-attachment":"scroll","background-type":"","background-media":"","overlay-type":"","overlay-color":"","overlay-opacity":"","overlay-gradient":""},"mobile":{"background-color":"","background-image":"","background-repeat":"repeat","background-position":"center center","background-size":"auto","background-attachment":"scroll","background-type":"","background-media":"","overlay-type":"","overlay-color":"","overlay-opacity":"","overlay-gradient":""}},"ast-content-background-meta":{"desktop":{"background-color":"var(--ast-global-color-5)","background-image":"","background-repeat":"repeat","background-position":"center center","background-size":"auto","background-attachment":"scroll","background-type":"","background-media":"","overlay-type":"","overlay-color":"","overlay-opacity":"","overlay-gradient":""},"tablet":{"background-color":"var(--ast-global-color-5)","background-image":"","background-repeat":"repeat","background-position":"center center","background-size":"auto","background-attachment":"scroll","background-type":"","background-media":"","overlay-type":"","overlay-color":"","overlay-opacity":"","overlay-gradient":""},"mobile":{"background-color":"var(--ast-global-color-5)","background-image":"","background-repeat":"repeat","background-position":"center center","background-size":"auto","background-attachment":"scroll","background-type":"","background-media":"","overlay-type":"","overlay-color":"","overlay-opacity":"","overlay-gradient":""}},"ngg_post_thumbnail":0,"footnotes":""},"class_list":["post-29","page","type-page","status-publish","hentry"],"uagb_featured_image_src":{"full":false,"thumbnail":false,"medium":false,"medium_large":false,"large":false,"1536x1536":false,"2048x2048":false},"uagb_author_info":{"display_name":"SWS Forsche","author_link":"https:\/\/sws-forsche.de\/sws\/author\/sweta\/"},"uagb_comment_info":0,"uagb_excerpt":"\ud83c\udf0d Innovatives Familienunternehmen mit globaler PerspektivE Unsere Handelsfirma f\u00fcr Export und Import ist ein modernes Familienunternehmen mit langj\u00e4hriger Erfahrung und Innovationskraft Wir sind spezialisiert auf den Vertrieb hochwertiger Industrieprodukte \u2013 insbesondere Ausr\u00fcstungen f\u00fcr die Metall- und Bauindustrie sowie f\u00fcr die Klima- und Energietechnik Mit einem starken Netzwerk, technischer Expertise und einem klaren Fokus auf Qualit\u00e4t&hellip;","_links":{"self":[{"href":"https:\/\/sws-forsche.de\/sws\/wp-json\/wp\/v2\/pages\/29","targetHints":{"allow":["GET"]}}],"collection":[{"href":"https:\/\/sws-forsche.de\/sws\/wp-json\/wp\/v2\/pages"}],"about":[{"href":"https:\/\/sws-forsche.de\/sws\/wp-json\/wp\/v2\/types\/page"}],"author":[{"embeddable":true,"href":"https:\/\/sws-forsche.de\/sws\/wp-json\/wp\/v2\/users\/3"}],"replies":[{"embeddable":true,"href":"https:\/\/sws-forsche.de\/sws\/wp-json\/wp\/v2\/comments?post=29"}],"version-history":[{"count":319,"href":"https:\/\/sws-forsche.de\/sws\/wp-json\/wp\/v2\/pages\/29\/revisions"}],"predecessor-version":[{"id":14789,"href":"https:\/\/sws-forsche.de\/sws\/wp-json\/wp\/v2\/pages\/29\/revisions\/14789"}],"wp:attachment":[{"href":"https:\/\/sws-forsche.de\/sws\/wp-json\/wp\/v2\/media?parent=29"}],"curies":[{"name":"wp","href":"https:\/\/api.w.org\/{rel}","templated":true}]}}